{"id":5314,"date":"2021-04-30T19:16:28","date_gmt":"2021-04-30T19:16:28","guid":{"rendered":"http:\/\/cpivaldelaatalaya.es\/?page_id=5314"},"modified":"2025-09-11T07:39:16","modified_gmt":"2025-09-11T07:39:16","slug":"tutorias","status":"publish","type":"page","link":"https:\/\/cpivaldelaatalaya.es\/?page_id=5314","title":{"rendered":"Tutor\u00edas"},"content":{"rendered":"\n<p><span style=\"background-color: #ffff00;\"><b>CORREOS ELECTR\u00d3NICOS DE LOS TUTORES DE SECUNDARIA 2025-2026<\/b><\/span><\/p>\n<table>\n<tbody>\n<tr>\n<td style=\"width: 86.6094px;\">\n<p><b>GRUPO<\/b><\/p>\n<\/td>\n<td style=\"width: 329.125px;\">\n<p><b>NOMBRE TUTOR\/A<\/b><\/p>\n<\/td>\n<td style=\"width: 333.266px;\">\n<p><b>CORREO ELECTR\u00d3NICO<\/b><\/p>\n<\/td>\n<\/tr>\n<tr>\n<td style=\"width: 86.6094px;\">\n<p><span style=\"font-weight: 400;\">1\u00baA<\/span><\/p>\n<\/td>\n<td style=\"width: 329.125px;\">\n<p><span style=\"font-weight: 400;\">IDOIA GOICOECHEA<\/span><\/p>\n<\/td>\n<td style=\"width: 333.266px;\">\n<p><span style=\"font-weight: 400;\">igoicoechea@cpivaldelaatalaya.es<\/span><\/p>\n<\/td>\n<\/tr>\n<tr>\n<td style=\"width: 86.6094px;\">\n<p><span style=\"font-weight: 400;\">1\u00baB<\/span><\/p>\n<\/td>\n<td style=\"width: 329.125px;\">\n<p><span style=\"font-weight: 400;\">FERNANDO MART\u00cdNEZ<\/span><\/p>\n<\/td>\n<td style=\"width: 333.266px;\">\n<p><span style=\"font-weight: 400;\">fmartinez@cpivaldelaatalaya.es<\/span><\/p>\n<\/td>\n<\/tr>\n<tr>\n<td style=\"width: 86.6094px;\">\n<p><span style=\"font-weight: 400;\">1\u00baC<\/span><\/p>\n<\/td>\n<td style=\"width: 329.125px;\">\n<p>ANA F. GIMENO<\/p>\n<\/td>\n<td style=\"width: 333.266px;\">\n<p>afgimeno@cpivaldelaatalaya.es<\/p>\n<\/td>\n<\/tr>\n<tr>\n<td style=\"width: 86.6094px;\">\n<p><span style=\"font-weight: 400;\">1\u00baD<\/span><\/p>\n<\/td>\n<td style=\"width: 329.125px;\">\n<p><span style=\"font-weight: 400;\">ANA MART\u00cdNEZ<\/span><\/p>\n<\/td>\n<td style=\"width: 333.266px;\">\n<p><span style=\"font-weight: 400;\">amartinez@cpivaldelaatalaya.es<\/span><\/p>\n<\/td>\n<\/tr>\n<tr>\n<td style=\"width: 86.6094px;\">\n<p><span style=\"font-weight: 400;\">1\u00baE<\/span><\/p>\n<\/td>\n<td style=\"width: 329.125px;\">\n<p><span style=\"font-weight: 400;\">MONTSE TRIS<\/span><\/p>\n<\/td>\n<td style=\"width: 333.266px;\">\n<p>mtris@cpivaldelaatalaya.es<\/p>\n<\/td>\n<\/tr>\n<tr>\n<td style=\"width: 86.6094px;\">\n<p><span style=\"font-weight: 400;\">2\u00baA<\/span><\/p>\n<\/td>\n<td style=\"width: 329.125px;\">\n<p><span style=\"font-weight: 400;\">ISABEL IZQUIERDO<\/span><\/p>\n<\/td>\n<td style=\"width: 333.266px;\">\n<p><span style=\"font-weight: 400;\">iizquierdo@cpivaldelaatalaya.es<\/span><\/p>\n<\/td>\n<\/tr>\n<tr>\n<td style=\"width: 86.6094px;\">\n<p><span style=\"font-weight: 400;\">2\u00baB<\/span><\/p>\n<\/td>\n<td style=\"width: 329.125px;\">\n<p><span style=\"font-weight: 400;\">\u00c1NGELA HERN\u00c1NDEZ<\/span><\/p>\n<\/td>\n<td style=\"width: 333.266px;\">\n<p><span style=\"font-weight: 400;\">ahernandez@cpivaldelaatalaya.es<\/span><\/p>\n<\/td>\n<\/tr>\n<tr>\n<td style=\"width: 86.6094px;\">\n<p><span style=\"font-weight: 400;\">2\u00baC<\/span><\/p>\n<\/td>\n<td style=\"width: 329.125px;\">\n<p>\u00daRSULA LETICIA VELA<\/p>\n<\/td>\n<td style=\"width: 333.266px;\"><span style=\"font-weight: 400;\">ulvela@cpivaldelaatalaya.es<\/span><\/td>\n<\/tr>\n<tr>\n<td style=\"width: 86.6094px;\">\n<p><span style=\"font-weight: 400;\">2\u00baD<\/span><\/p>\n<\/td>\n<td style=\"width: 329.125px;\">\n<p><span style=\"font-weight: 400;\">PATRICIA PASCUAL<\/span><\/p>\n<\/td>\n<td style=\"width: 333.266px;\">\n<p><span style=\"font-weight: 400;\">ppascual@cpivaldelaatalaya.es<\/span><\/p>\n<\/td>\n<\/tr>\n<tr>\n<td style=\"width: 86.6094px;\">\n<p><span style=\"font-weight: 400;\">2\u00baE<\/span><\/p>\n<\/td>\n<td style=\"width: 329.125px;\">\n<p>CRISTINA P\u00c9REZ<\/p>\n<\/td>\n<td style=\"width: 333.266px;\">\n<p>cperez@cpivaldelaatalaya.es<\/p>\n<\/td>\n<\/tr>\n<tr>\n<td style=\"width: 86.6094px;\">\n<p><span style=\"font-weight: 400;\">3\u00baA<\/span><\/p>\n<\/td>\n<td style=\"width: 329.125px;\">\n<p>ISABEL M\u00aa G\u00d3MEZ-SERRANILLOS<\/p>\n<\/td>\n<td style=\"width: 333.266px;\">\n<p>imgomezserranillos@cpivaldelaatalaya.es<\/p>\n<\/td>\n<\/tr>\n<tr>\n<td style=\"width: 86.6094px;\">\n<p><span style=\"font-weight: 400;\">3\u00baB<\/span><\/p>\n<\/td>\n<td style=\"width: 329.125px;\">\n<p><span style=\"font-weight: 400;\">JES\u00daS EDER GALERA<\/span><\/p>\n<\/td>\n<td style=\"width: 333.266px;\">\n<p><span style=\"font-weight: 400;\">jegalera@cpivaldelaatalaya.es<\/span><\/p>\n<\/td>\n<\/tr>\n<tr>\n<td style=\"width: 86.6094px;\">\n<p><span style=\"font-weight: 400;\">3\u00baC<\/span><\/p>\n<\/td>\n<td style=\"width: 329.125px;\">LUIS M\u00aa VALENCIANO<\/td>\n<td style=\"width: 333.266px;\">\n<p><span style=\"font-weight: 400;\">lmvalenciano@cpivaldelaatalaya.es<\/span><\/p>\n<\/td>\n<\/tr>\n<tr>\n<td style=\"width: 86.6094px;\">\n<p><span style=\"font-weight: 400;\">3\u00baD<\/span><\/p>\n<\/td>\n<td style=\"width: 329.125px;\">\n<p><span style=\"font-weight: 400;\">B\u00c1RBARA VELA<\/span><\/p>\n<\/td>\n<td style=\"width: 333.266px;\">\n<p>bvela@cpivaldelaatalaya.es<\/p>\n<\/td>\n<\/tr>\n<tr>\n<td style=\"width: 86.6094px;\">\n<p><span style=\"font-weight: 400;\">3\u00baE<\/span><\/p>\n<\/td>\n<td style=\"width: 329.125px;\">\n<p><span style=\"font-weight: 400;\">INMACULADA GARC\u00cdA<\/span><\/p>\n<\/td>\n<td style=\"width: 333.266px;\">\n<p><span style=\"font-weight: 400;\">igarcia@cpivaldelaatalaya.es<\/span><\/p>\n<\/td>\n<\/tr>\n<tr>\n<td style=\"width: 86.6094px;\">\n<p><span style=\"font-weight: 400;\">4\u00baA<\/span><\/p>\n<\/td>\n<td style=\"width: 329.125px;\">\n<p><span style=\"font-weight: 400;\">MAR\u00cdA G\u00c1LVEZ<\/span><\/p>\n<\/td>\n<td style=\"width: 333.266px;\">\n<p><span style=\"font-weight: 400;\">mgalvez@cpivaldelaatalaya.es<\/span><\/p>\n<\/td>\n<\/tr>\n<tr>\n<td style=\"width: 86.6094px;\">\n<p><span style=\"font-weight: 400;\">4\u00baB<\/span><\/p>\n<\/td>\n<td style=\"width: 329.125px;\">\n<p><span style=\"font-weight: 400;\">ELENA MONTORI<\/span><\/p>\n<\/td>\n<td style=\"width: 333.266px;\">\n<p><span style=\"font-weight: 400;\">emontori@cpivaldelaatalaya.es<\/span><\/p>\n<\/td>\n<\/tr>\n<tr>\n<td style=\"width: 86.6094px;\">\n<p><span style=\"font-weight: 400;\">4\u00baC<\/span><\/p>\n<\/td>\n<td style=\"width: 329.125px;\">\n<p><span style=\"font-weight: 400;\">ANA BEL\u00c9N DOLSET<\/span><\/p>\n<\/td>\n<td style=\"width: 333.266px;\">\n<p>abdolset@cpivaldelaatalaya.es<\/p>\n<\/td>\n<\/tr>\n<tr>\n<td style=\"width: 86.6094px;\">\n<p><span style=\"font-weight: 400;\">4\u00baD<\/span><\/p>\n<\/td>\n<td style=\"width: 329.125px;\">\n<p><span style=\"font-weight: 400;\">PATRICIA VIDAL<\/span><\/p>\n<\/td>\n<td style=\"width: 333.266px;\">\n<p><span style=\"font-weight: 400;\">pvidal@cpivaldelaatalaya.es<\/span><\/p>\n<\/td>\n<\/tr>\n<tr>\n<td style=\"width: 86.6094px;\">\n<p><span style=\"font-weight: 400;\">4\u00baE<\/span><\/p>\n<\/td>\n<td style=\"width: 329.125px;\">\n<p><span style=\"font-weight: 400;\">SERGIO EZQUERRA<\/span><\/p>\n<\/td>\n<td style=\"width: 333.266px;\">\n<p><span style=\"font-weight: 400;\">sezquerra@cpivaldelaatalaya.es<\/span><\/p>\n<\/td>\n<\/tr>\n<\/tbody>\n<\/table>\n<p><span style=\"font-weight: 400;\">Los tutores son los intermediarios entre las familias y el resto del equipo docente, incluido el equipo directivo, por lo que toda la informaci\u00f3n debe pasar en primer lugar por ellos. La manera m\u00e1s efectiva de hacer llegar la informaci\u00f3n es a trav\u00e9s del correo electr\u00f3nico.\u00a0<\/span><\/p>\n<p><span style=\"font-weight: 400;\">A continuaci\u00f3n incluimos una serie de preguntas frecuentes que pueden ser de utilidad.\u00a0<\/span><\/p>\n<p><b>PREGUNTAS FRECUENTES<\/b><b><\/b><\/p>\n<ul>\n<li aria-level=\"1\"><b>\u00bfQu\u00e9 hago si quiero obtener informaci\u00f3n relacionada con el rendimiento acad\u00e9mico de mi hijo\/a?<\/b><\/li>\n<\/ul>\n<p><span style=\"font-weight: 400;\">Env\u00edo un correo electr\u00f3nico al tutor de mi hijo solicitando una tutor\u00eda con la suficiente antelaci\u00f3n para que el tutor pueda recopilar toda la informaci\u00f3n del resto del equipo docente. Las tutor\u00edas ser\u00e1n preferiblemente presenciales, pudiendo realizarse tambi\u00e9n por tel\u00e9fono.\u00a0<\/span><b><\/b><\/p>\n<p><b>\u00bfQu\u00e9 hago si mi hijo\/a se va a tener que ausentar durante toda o parte de la ma\u00f1ana por una visita m\u00e9dica o cualquier otra causa justificada?<\/b><\/p>\n<p><span style=\"font-weight: 400;\">Aviso previamente al tutor por correo electr\u00f3nico especificando el d\u00eda y las horas a las que va a faltar a clase. Si mi hijo va a acudir al centro durante las primeras horas lectivas, aviso al tutor con la hora a la que mi hijo saldr\u00e1 del centro. (Los alumnos no pueden abandonar el centro sin la compa\u00f1\u00eda de un adulto autorizado).\u00a0<\/span><\/p>\n<p><span style=\"font-weight: 400;\">Todas las entradas y salidas del centro fuera del horario habitual de entradas y salidas se realizar\u00e1n por la puerta principal de primaria (donde est\u00e1n la conserjer\u00eda y la secretar\u00eda).\u00a0<\/span><b><\/b><\/p>\n<ul>\n<li aria-level=\"1\"><b>\u00bfC\u00f3mo justifico las faltas de asistencia de mi hijo\/a?<\/b><\/li>\n<\/ul>\n<p><span style=\"font-weight: 400;\">Le env\u00edo un correo electr\u00f3nico al tutor con la siguiente informaci\u00f3n:\u00a0<\/span><\/p>\n<ul>\n<li style=\"font-weight: 400;\" aria-level=\"1\"><span style=\"font-weight: 400;\">el d\u00eda o d\u00edas de la ausencia<\/span><\/li>\n<li style=\"font-weight: 400;\" aria-level=\"1\"><span style=\"font-weight: 400;\">hora\/s de la ausencia si no fue el d\u00eda completo.<\/span><\/li>\n<li style=\"font-weight: 400;\" aria-level=\"1\"><span style=\"font-weight: 400;\">el motivo de la ausencia: visita m\u00e9dica, etc.\u00a0<\/span><\/li>\n<\/ul>\n<p><b>Informaci\u00f3n importante: <\/b><span style=\"font-weight: 400;\">se registran absolutamente todas las faltas de asistencia aunque la ausencia del alumno haya sido previamente comunicada al tutor. Constar\u00e1 como falta de asistencia cada hora lectiva del d\u00eda en la que el alumno falte.\u00a0<\/span><b><\/b><\/p>\n<ul>\n<li aria-level=\"1\"><b>\u00bfCu\u00e1ndo es necesario justificar las faltas de asistencia de mi hijo\/a?<\/b><\/li>\n<\/ul>\n<p><span style=\"font-weight: 400;\">Siempre que mi hijo falte a clase debo justificar su ausencia, incluso si la ausencia se ha producido porque mi hijo, estando en clase, se encontraba mal y me han llamado desde el centro para que fuera a buscarlo.<\/span><\/p>\n<p><b>Hay que justificar absolutamente todas las faltas de asistencia.\u00a0<\/b><b><\/b><\/p>\n<ul>\n<li aria-level=\"1\"><b>\u00bfQu\u00e9 ocurre si no justifico las faltas de asistencia de mi hijo\/a debidamente?<\/b><\/li>\n<\/ul>\n<p><span style=\"font-weight: 400;\">Cuando hay un c\u00famulo de faltas de asistencia sin justificar, el centro tiene la obligaci\u00f3n de informar a la Comisi\u00f3n de Absentismo, quien, llegado el caso, se pondr\u00e1 en contacto con la familia para llevar a cabo las medidas oportunas.\u00a0<\/span><b><\/b><\/p>\n<ul>\n<li aria-level=\"1\"><b>\u00bfC\u00f3mo se puede poner al d\u00eda mi hijo\/a sobre lo que han trabajado en clase el d\u00eda \/ d\u00edas que ha faltado a clase?<\/b><\/li>\n<\/ul>\n<p><span style=\"font-weight: 400;\">Es responsabilidad de cada uno de los alumnos preguntar a sus compa\u00f1eros de clase y\/o a su profesor sobre lo trabajado en clase para ponerse al d\u00eda cuanto antes.\u00a0<\/span><b><\/b><\/p>\n<ul>\n<li aria-level=\"1\"><b>\u00bfQu\u00e9 hago si mi hijo\/a falta a clase el d\u00eda en el que estaba programada una prueba evaluativa \/ examen?<\/b><\/li>\n<\/ul>\n<p><span style=\"font-weight: 400;\">Justifico la falta de asistencia cuanto antes enviando un correo electr\u00f3nico al tutor.<\/span><\/p>\n<p><span style=\"font-weight: 400;\">Adem\u00e1s, la justifico por escrito al profesor de la asignatura con el que tuviera el examen con el documento que se llama Justificaci\u00f3n por falta de asistencia a un examen. Preferiblemente, aporto alg\u00fan tipo de documento que sirva como justificante, como por ejemplo una fotocopia de la citaci\u00f3n m\u00e9dica.\u00a0<\/span><b><\/b><\/p>\n<ul>\n<li aria-level=\"1\"><b>\u00bfQu\u00e9 hago si me llaman desde el centro educativo porque mi hijo\/a se encuentra mal?<\/b><\/li>\n<\/ul>\n<p><span style=\"font-weight: 400;\">Voy a buscar a mi hijo\/a tan r\u00e1pidamente como me sea posible. En caso de imposibilidad para venir a recogerlo, autorizo a una persona de mi confianza a que vaya a buscarlo por tel\u00e9fono o enviando un correo electr\u00f3nico a <\/span><a href=\"mailto:administracion@cpivaldelaatalaya.es\"><span style=\"font-weight: 400;\">administracion@cpivaldelaatalaya.es<\/span><\/a><span style=\"font-weight: 400;\">.<\/span><\/p>\n<p><span style=\"font-weight: 400;\">Deber\u00e1 siempre ser mayor de edad y dejar\u00e1 registrado su nombre y su DNI en Conserjer\u00eda.<\/span><b><\/b><\/p>\n<ul>\n<li aria-level=\"1\"><b>\u00bfA qui\u00e9n tengo que dirigirme si tengo alguna duda relacionada con el Banco de Libros o con las Becas?<\/b><\/li>\n<\/ul>\n<p><span style=\"font-weight: 400;\">E<\/span>nv\u00edo un correo electr\u00f3nico a\u00a0<a href=\"mailto:secretariaeso@cpivaldelaatalaya.es\">secretariaeso@cpivaldelaatalaya.es<\/a><\/p>\n<ul>\n<li aria-level=\"1\"><b>\u00bfQu\u00e9 hago si tengo que gestionar alg\u00fan tipo de tr\u00e1mite administrativo, como por ejemplo pedir un justificante que demuestre que mi hijo est\u00e1 matriculado en el centro, las claves de SIGAD o comunicar cualquier incidencia con Tokapp?<\/b><\/li>\n<\/ul>\n<p><span style=\"font-weight: 400;\">Env\u00edo un correo electr\u00f3nico a <\/span><a href=\"mailto:administracion@cpivaldelaatalaya.es\"><span style=\"font-weight: 400;\">administracion@cpivaldelaatalaya.es<\/span><\/a><span style=\"font-weight: 400;\"> solicitando lo que necesito. En el correo es necesario especificar todos mis datos: mi nombre, DNI, el nombre de mi hijo\/a y en qu\u00e9 curso est\u00e1 matriculado\/a.\u00a0<\/span><b><\/b><\/p>\n<ul>\n<li aria-level=\"1\"><b>\u00bfQu\u00e9 hago si deseo hablar con cualquier otro miembro del equipo docente, del equipo de orientaci\u00f3n o del equipo directivo?\u00a0<\/b><\/li>\n<\/ul>\n<p><span style=\"font-weight: 400;\">Env\u00edo un correo electr\u00f3nico a la persona correspondiente. Si desconozco a qui\u00e9n se lo tengo que enviar, puedo consultar con el tutor de mi hijo. Tambi\u00e9n puedo llamar por tel\u00e9fono y pedir informaci\u00f3n.\u00a0<\/span><\/p>\n<p><br \/><br \/><\/p>\n","protected":false},"excerpt":{"rendered":"<p>CORREOS ELECTR\u00d3NICOS DE LOS TUTORES DE SECUNDARIA 2025-2026 GRUPO NOMBRE TUTOR\/A CORREO ELECTR\u00d3NICO 1\u00baA IDOIA GOICOECHEA igoicoechea@cpivaldelaatalaya.es 1\u00baB FERNANDO MART\u00cdNEZ fmartinez@cpivaldelaatalaya.es 1\u00baC ANA F. GIMENO afgimeno@cpivaldelaatalaya.es 1\u00baD ANA MART\u00cdNEZ amartinez@cpivaldelaatalaya.es 1\u00baE MONTSE TRIS mtris@cpivaldelaatalaya.es 2\u00baA ISABEL IZQUIERDO iizquierdo@cpivaldelaatalaya.es 2\u00baB \u00c1NGELA HERN\u00c1NDEZ ahernandez@cpivaldelaatalaya.es 2\u00baC \u00daRSULA LETICIA VELA ulvela@cpivaldelaatalaya.es 2\u00baD PATRICIA PASCUAL ppascual@cpivaldelaatalaya.es 2\u00baE CRISTINA P\u00c9REZ cperez@cpivaldelaatalaya.es &hellip; <\/p>\n<p><a class=\"more-link btn\" href=\"https:\/\/cpivaldelaatalaya.es\/?page_id=5314\">Seguir leyendo<\/a><\/p>\n","protected":false},"author":2,"featured_media":0,"parent":0,"menu_order":0,"comment_status":"closed","ping_status":"closed","template":"","meta":{"footnotes":""},"class_list":["post-5314","page","type-page","status-publish","hentry","nodate","item-wrap"],"_links":{"self":[{"href":"https:\/\/cpivaldelaatalaya.es\/index.php?rest_route=\/wp\/v2\/pages\/5314","targetHints":{"allow":["GET"]}}],"collection":[{"href":"https:\/\/cpivaldelaatalaya.es\/index.php?rest_route=\/wp\/v2\/pages"}],"about":[{"href":"https:\/\/cpivaldelaatalaya.es\/index.php?rest_route=\/wp\/v2\/types\/page"}],"author":[{"embeddable":true,"href":"https:\/\/cpivaldelaatalaya.es\/index.php?rest_route=\/wp\/v2\/users\/2"}],"replies":[{"embeddable":true,"href":"https:\/\/cpivaldelaatalaya.es\/index.php?rest_route=%2Fwp%2Fv2%2Fcomments&post=5314"}],"version-history":[{"count":15,"href":"https:\/\/cpivaldelaatalaya.es\/index.php?rest_route=\/wp\/v2\/pages\/5314\/revisions"}],"predecessor-version":[{"id":8925,"href":"https:\/\/cpivaldelaatalaya.es\/index.php?rest_route=\/wp\/v2\/pages\/5314\/revisions\/8925"}],"wp:attachment":[{"href":"https:\/\/cpivaldelaatalaya.es\/index.php?rest_route=%2Fwp%2Fv2%2Fmedia&parent=5314"}],"curies":[{"name":"wp","href":"https:\/\/api.w.org\/{rel}","templated":true}]}}