{"id":5286,"date":"2021-04-30T18:57:55","date_gmt":"2021-04-30T18:57:55","guid":{"rendered":"http:\/\/cpivaldelaatalaya.es\/?page_id=5286"},"modified":"2024-06-25T21:43:49","modified_gmt":"2024-06-25T21:43:49","slug":"ajedrez-en-la-escuela","status":"publish","type":"page","link":"https:\/\/cpivaldelaatalaya.es\/?page_id=5286","title":{"rendered":"Programa de Conexi\u00f3n Matem\u00e1tica"},"content":{"rendered":"\n<p>PROGRAMA EDUCATIVO DEL DEPARTAMENTO DE EDUCACI\u00d3N Y DE LA SAPM<\/p>\n\n\n\n\n\n<p>El <a href=\"https:\/\/conexionmatematica.catedu.es\/\"><strong>programa \u201cConexi\u00f3n Matem\u00e1tica\u201d<\/strong> <\/a>pretende contribuir al desarrollo de las competencias clave y de manera m\u00e1s espec\u00edfica a la mejora de la competencia matem\u00e1tica, estableciendo la participaci\u00f3n activa del alumnado en actividades educativas relacionadas con las matem\u00e1ticas, dando la posibilidad de que el alumnado participe con aprovechamiento en los procesos educativos y potenciando sus aprendizajes.<\/p>\n<p>Los OBJETIVOS de dicho programa son:<\/p>\n<ul>\n<li>Visualizar las matem\u00e1ticas.<\/li>\n<li>Despertar una mirada cr\u00edtica con respecto a la ense\u00f1anza de las matem\u00e1ticas, pensando en nuestros alumnos.<\/li>\n<li>Buscar \u200bespacios de intercambio de experiencias entre alumnos y docentes\u200b.<\/li>\n<li>Que las actividades tengan \u200bcontinuidad\u200b, en alg\u00fan sentido, en la pr\u00e1ctica diaria del aula. Este \u200bpaso \u200bal aula y a la pr\u00e1ctica diaria, depende mucho de la voluntad y esfuerzo del profesorado de los centros participantes en el programa.\u00a0<\/li>\n<li>El programa trata de \u200bprovocar u\u200bna reflexi\u00f3n en los departamentos de matem\u00e1ticas de los centros en el sentido de que las matem\u00e1ticas escolares se pueden impartir de otra forma.\u00a0\u00a0<\/li>\n<li>El objetivo no formal del programa es \u200bcrear sensibilidades con respecto a las matem\u00e1ticas, a su adquisici\u00f3n por parte de los alumnos y a su ense\u00f1anza.\u00a0<\/li>\n<\/ul>\n<p>\u00a0<\/p>\n<p>Nuestro centro participa en la ETAPA DE PRIMARIA desde el curso 2021-22 en la Modalidad 1, siendo este nuestro tercer a\u00f1o contribuyendo en la elaboraci\u00f3n de materiales para compartir con otros centros a trav\u00e9s de las maletas viajeras y reflexionando y poniendo en pr\u00e1ctica actividades propuestas por otros centros educativos. \u00a1Experiencias compartidas en las que todos aprendemos!.<\/p>\n<p>Maleta Viajera: <a href=\"https:\/\/conexionmatematica.catedu.es\/curso20-21\/\">Curso 2020-21<\/a><\/p>\n<p>Maleta Viajera: <a href=\"https:\/\/conexionmatematica.catedu.es\/modalidad-1-curso-2021-2022\/\">Curso 2021-22<\/a><\/p>\n<p>Maleta Viajera: <a href=\"https:\/\/conexionmatematica.catedu.es\/maleta-viajera\/modalidad-1-curso-2022-2023\/\">Curso 2022-23<\/a><\/p>\n<p>Maleta Viajera: <a href=\"https:\/\/conexionmatematica.catedu.es\/modalidad-1-curso-2023-2024\/\">Curso 2023-24<\/a><\/p>\n\n\n","protected":false},"excerpt":{"rendered":"<p>PROGRAMA EDUCATIVO DEL DEPARTAMENTO DE EDUCACI\u00d3N Y DE LA SAPM El programa \u201cConexi\u00f3n Matem\u00e1tica\u201d pretende contribuir al desarrollo de las competencias clave y de manera m\u00e1s espec\u00edfica a la mejora de la competencia matem\u00e1tica, estableciendo la participaci\u00f3n activa del alumnado en actividades educativas relacionadas con las matem\u00e1ticas, dando la posibilidad de que el alumnado participe &hellip; <\/p>\n<p><a class=\"more-link btn\" href=\"https:\/\/cpivaldelaatalaya.es\/?page_id=5286\">Seguir leyendo<\/a><\/p>\n","protected":false},"author":2,"featured_media":0,"parent":0,"menu_order":0,"comment_status":"closed","ping_status":"closed","template":"","meta":{"footnotes":""},"class_list":["post-5286","page","type-page","status-publish","hentry","nodate","item-wrap"],"_links":{"self":[{"href":"https:\/\/cpivaldelaatalaya.es\/index.php?rest_route=\/wp\/v2\/pages\/5286","targetHints":{"allow":["GET"]}}],"collection":[{"href":"https:\/\/cpivaldelaatalaya.es\/index.php?rest_route=\/wp\/v2\/pages"}],"about":[{"href":"https:\/\/cpivaldelaatalaya.es\/index.php?rest_route=\/wp\/v2\/types\/page"}],"author":[{"embeddable":true,"href":"https:\/\/cpivaldelaatalaya.es\/index.php?rest_route=\/wp\/v2\/users\/2"}],"replies":[{"embeddable":true,"href":"https:\/\/cpivaldelaatalaya.es\/index.php?rest_route=%2Fwp%2Fv2%2Fcomments&post=5286"}],"version-history":[{"count":4,"href":"https:\/\/cpivaldelaatalaya.es\/index.php?rest_route=\/wp\/v2\/pages\/5286\/revisions"}],"predecessor-version":[{"id":8013,"href":"https:\/\/cpivaldelaatalaya.es\/index.php?rest_route=\/wp\/v2\/pages\/5286\/revisions\/8013"}],"wp:attachment":[{"href":"https:\/\/cpivaldelaatalaya.es\/index.php?rest_route=%2Fwp%2Fv2%2Fmedia&parent=5286"}],"curies":[{"name":"wp","href":"https:\/\/api.w.org\/{rel}","templated":true}]}}