{"id":5228,"date":"2021-06-15T13:31:40","date_gmt":"2021-06-15T13:31:40","guid":{"rendered":"http:\/\/cpivaldelaatalaya.es\/?page_id=5228"},"modified":"2024-06-20T15:16:28","modified_gmt":"2024-06-20T15:16:28","slug":"matriculas","status":"publish","type":"page","link":"https:\/\/cpivaldelaatalaya.es\/?page_id=5228","title":{"rendered":"Matr\u00edculas"},"content":{"rendered":"\n<p><a href=\"https:\/\/educa.aragon.es\/-\/escolarizacioneiepeeyeso\">ENLACE AL PROCESO DE ESCOLARIZACI\u00d3N CURSO 2024-25<\/a><\/p>\n<p><b>MATR\u00cdCULA PRIMARIA E INFANTIL\u00a0 <\/b><strong>CURSO 2024-2025<\/strong><\/p>\n<p><strong>Los alumnos de Infantil y Primaria solo deber\u00e1n realizar UNA matr\u00edcula cuando entran por primera vez al centro. Si contin\u00faan en nuestro centro, no deber\u00e1n matricularse en ning\u00fan curso de Infantil y Primaria. Al pasar a Secundaria deber\u00e1n realizar la matr\u00edcula todos los a\u00f1os.\u00a0<\/strong><\/p>\n<ul>\n<li>Los nuevos alumnos admitidos en el proceso de escolarizaci\u00f3n en nuestro centro deber\u00e1n realizar la matr\u00edcula en nuestro centro.\u00a0<span style=\"font-weight: 400;\"><br \/><\/span><\/li>\n<li>Los solicitantes\u00a0<strong>admitidos <\/strong>para cursar en el 2024\/2025 <em><strong>Educaci\u00f3n Infantil y 1\u00ba de Educaci\u00f3n Primaria<\/strong><\/em> deben\u00a0<strong>formalizar la matr\u00edcula desde las 9h\u00a0 del lunes 3 de junio hasta las 14h del 10 de junio<\/strong>, ambos inclusive.\u00a0 \u00a0 \u00a0 \u00a0 \u00a0 \u00a0 \u00a0<\/li>\n<li>Los\u00a0solicitantes <strong>admitidos <\/strong>para cursar de<em>\u00a0<strong>2\u00ba a 6\u00ba de Educaci\u00f3n Primaria<\/strong>\u00a0<\/em>deben<strong> formalizar la matr\u00edcula desde las 9h del jueves 20 de junio a las 14h del martes 25 de junio<\/strong>, ambos inclusive.\u00a0 \u00a0 \u00a0 \u00a0 \u00a0 \u00a0 \u00a0 \u00a0 \u00a0 \u00a0 \u00a0 \u00a0 \u00a0 \u00a0 \u00a0 \u00a0 \u00a0 \u00a0 \u00a0 \u00a0<\/li>\n<li>Los solicitantes adjudicatarios de una plaza deber\u00e1n formalizar su matr\u00edcula telem\u00e1ticamente.\u00a0 \u00a0 \u00a0 \u00a0 \u00a0 \u00a0 \u00a0Los solicitantes a los que no se les ha adjudicado plaza por no quedar vacantes en ninguno de los centros solicitados y pidieron mantener la reserva de plaza escolar en el centro de origen, \u00e9sta se mantiene vigente.<\/li>\n<li><strong style=\"font-size: inherit;\">Si finalizado el correspondiente plazo no ha cumplido con el mencionado tr\u00e1mite, decaer\u00e1 su derecho a la plaza obtenida.<\/strong><\/li>\n<li>Si por circunstancias\u00a0<strong style=\"font-size: inherit;\">excepcionales<\/strong><span style=\"font-size: inherit;\"> no puede realizar este tr\u00e1mite telem\u00e1ticamente, deber\u00e1 acudir presencialmente al centro donde ha sido admitido para realizar la matr\u00edcula\u00a0 dentro de los plazos indicados anteriormente.<\/span><\/li>\n<\/ul>\n<p>\u00a0<\/p>\n<p><a href=\"https:\/\/aplicaciones.aragon.es\/pcrcs\/conexion\">REALIZAR MATR\u00cdCULA<\/a><\/p>\n<p><a href=\"https:\/\/educa.aragon.es\/documents\/20126\/4019886\/2024-05-29+Manual+de+Uso+de+Matr%C3%ADcula+Online_v4.0.pdf\/d237053f-0927-bb17-cdef-e36fad88955c?t=1716971046677\">GU\u00cdA PARA REALIZAR LA MATR\u00cdCULA TELEM\u00c1TICAMENTE<\/a><\/p>\n\n\n\n<p>\u00a0<\/p>\n<p>\u00a0<\/p>\n","protected":false},"excerpt":{"rendered":"<p>ENLACE AL PROCESO DE ESCOLARIZACI\u00d3N CURSO 2024-25 MATR\u00cdCULA PRIMARIA E INFANTIL\u00a0 CURSO 2024-2025 Los alumnos de Infantil y Primaria solo deber\u00e1n realizar UNA matr\u00edcula cuando entran por primera vez al centro. Si contin\u00faan en nuestro centro, no deber\u00e1n matricularse en ning\u00fan curso de Infantil y Primaria. Al pasar a Secundaria deber\u00e1n realizar la matr\u00edcula todos &hellip; <\/p>\n<p><a class=\"more-link btn\" href=\"https:\/\/cpivaldelaatalaya.es\/?page_id=5228\">Seguir leyendo<\/a><\/p>\n","protected":false},"author":12,"featured_media":0,"parent":0,"menu_order":0,"comment_status":"closed","ping_status":"closed","template":"","meta":{"footnotes":""},"class_list":["post-5228","page","type-page","status-publish","hentry","nodate","item-wrap"],"_links":{"self":[{"href":"https:\/\/cpivaldelaatalaya.es\/index.php?rest_route=\/wp\/v2\/pages\/5228","targetHints":{"allow":["GET"]}}],"collection":[{"href":"https:\/\/cpivaldelaatalaya.es\/index.php?rest_route=\/wp\/v2\/pages"}],"about":[{"href":"https:\/\/cpivaldelaatalaya.es\/index.php?rest_route=\/wp\/v2\/types\/page"}],"author":[{"embeddable":true,"href":"https:\/\/cpivaldelaatalaya.es\/index.php?rest_route=\/wp\/v2\/users\/12"}],"replies":[{"embeddable":true,"href":"https:\/\/cpivaldelaatalaya.es\/index.php?rest_route=%2Fwp%2Fv2%2Fcomments&post=5228"}],"version-history":[{"count":15,"href":"https:\/\/cpivaldelaatalaya.es\/index.php?rest_route=\/wp\/v2\/pages\/5228\/revisions"}],"predecessor-version":[{"id":7981,"href":"https:\/\/cpivaldelaatalaya.es\/index.php?rest_route=\/wp\/v2\/pages\/5228\/revisions\/7981"}],"wp:attachment":[{"href":"https:\/\/cpivaldelaatalaya.es\/index.php?rest_route=%2Fwp%2Fv2%2Fmedia&parent=5228"}],"curies":[{"name":"wp","href":"https:\/\/api.w.org\/{rel}","templated":true}]}}