{"id":5222,"date":"2021-04-30T18:17:07","date_gmt":"2021-04-30T18:17:07","guid":{"rendered":"http:\/\/cpivaldelaatalaya.es\/?page_id=5222"},"modified":"2024-04-24T17:50:15","modified_gmt":"2024-04-24T17:50:15","slug":"admision","status":"publish","type":"page","link":"https:\/\/cpivaldelaatalaya.es\/?page_id=5222","title":{"rendered":"Admisi\u00f3n"},"content":{"rendered":"\n<p><span style=\"color: #ff0000;\"><strong>ADMISI\u00d3N CURSO 2024-25<\/strong><\/span><\/p>\n<p><strong><u>PLAZO DE PRESENTACI\u00d3N DE SOLICITUDES: <\/u><\/strong>desde las 9h del mi\u00e9rcoles 24 de abril hasta las 14h del martes 30 de abril, ambos inclusive.<\/p>\n<p><strong><u>PRESENTACI\u00d3N DE LA SOLICITUD DE FORMA TELEM\u00c1TICA:\u00a0 <\/u><\/strong>Se presentar\u00e1 UNA \u00daNICA SOLICITUD a trav\u00e9s de la p\u00e1gina web: <a href=\"https:\/\/educa.aragon.es\/admision\" target=\"_blank\" rel=\"noopener\">educa.aragon.es\/admision<\/a><\/p>\n<p><strong>OFICINAS DE INFORMACI\u00d3N DEL PROCESO DE ESCOLARIZACI\u00d3N: <\/strong>Se pone a disposici\u00f3n de las familias unas\u00a0<strong><a href=\"https:\/\/educa.aragon.es\/documents\/20126\/4019886\/2024-04-05+Puntos+informaci%C3%B3n24-25-2.pdf\/7bd13eff-32b8-498c-ca3f-640b3b93628f?t=1712317728839\" target=\"_blank\" rel=\"noopener\">Oficinas de informaci\u00f3n general<\/a>,\u00a0<\/strong>cuyas tareas ser\u00e1n:\u00a0<\/p>\n<ul>\n<li style=\"list-style-type: none;\">\n<ul>\n<li>Atender consultas sobre la normativa vigente que regula el proceso de escolarizaci\u00f3n de Educaci\u00f3n Infantil, Educaci\u00f3n Primaria y Educaci\u00f3n Especial.\u00a0<\/li>\n<li>Ayudar a las familias a cumplimentar su solicitud de plaza escolar y presentarla telem\u00e1ticamente (por ordenador o tel\u00e9fono m\u00f3vil).\u00a0<\/li>\n<\/ul>\n<\/li>\n<li><strong>Atenci\u00f3n telef\u00f3nica:<\/strong> 876 036 764\n<ul>\n<li><strong>D\u00edas<\/strong>: 15, 16, 17, 18, 19, 22, 24, 25, 26, 29\u00a0<\/li>\n<li><strong>Horario: <\/strong>de 9 a 14 h. y de 16 a 20 h.\u00a0\u00a0<\/li>\n<li>El 30 de abril, de 9 a 14 h.\u00a0<\/li>\n<\/ul>\n<\/li>\n<\/ul>\n<ul>\n<li><strong>Atenci\u00f3n presencial<\/strong>: Ubicaci\u00f3n de las oficinas, periodos y horarios:<\/li>\n<\/ul>\n<p><em>Oficinas de informaci\u00f3n presencial:<\/em><br \/>&#8211; Servicio Provincial de Educaci\u00f3n, Cultura y Deporte de Huesca. \u00a0Plaza Cervantes, 1.<br \/>&#8211; Servicio Provincial de Educaci\u00f3n, Cultura y Deporte de Teruel. C\/ San Vicente de Pa\u00fal, 3.\u00a0<br \/>&#8211; Servicio Provincial de Educaci\u00f3n, Cultura y Deporte de Zaragoza. \u00a0Avda. Juan Pablo II, 20.\u00a0<br \/>&#8211; Departamento de Educaci\u00f3n. Avda. Ranillas, 5D 1\u00aa planta.\u00a0<\/p>\n<p><em>Oficinas de informaci\u00f3n presencial en centros educativos en Zaragoza<\/em>:<br \/>&#8211; CEIP Eugenio L\u00f3pez y L\u00f3pez. C\/ Ca\u00f1\u00f3n de A\u00f1isclo, 8 (barrio Actur). Del 15 al 19 de abril y del 24 al 30 de abril, de 9 h a 14 h<br \/>&#8211; CEIP Ana Mayayo, C\/ de A. Com\u00edn de Ros, 2 (barrio Delicias). Del 15 al 19 de abril y del 24 al 30 de abril, de 9 h a 14 h<br \/>&#8211; CEIP Calixto Ari\u00f1o, C\/ Jos\u00e9 Galiay, s\/n (barrio San Jos\u00e9). Del 15 al 19 de abril y del 24 al 30 de abril, de 9 h a 14 h<br \/>&#8211; CPI Zaragoza Sur, C\/ Antonio Vivaldi, 7 (barrio Casablanca). Del 15 al 19 de abril y del 24 al 30 de abril, de 9 h a 14 h<\/p>\n<p>&#8211; CPI El Espartidero, C\/ Diecis\u00e9is de julio,10 (barrio Santa Isabel). Los d\u00edas 15, 16, 17, 18, 24, 25 y 29 de abril de 9 h a 14 h y de 16 h a 19 h. Los d\u00edas 19, 26 y 30 de abril de 9 h a 14 h<br \/>&#8211; CEIP Doctor Az\u00faa, C\/ Pedro III el Grande, 4 (barrio Romareda). Los d\u00edas 15, 16, 17, 18, 24, 25 y 29 de abril de 9 h a 14 h y de 16 h a 19 h. Los d\u00edas 19, 26 y 30 de abril de 9 h a 14 h<br \/>&#8211; Centro de Profesorado Juan de Lanuza. C\/ Buen Pastor, 4. Del 15 al 19 de abril y del 24 al 29 de abril, de 16 h a 20 h<\/p>\n<p><strong><u>NORMATIVA DEL PROCESO DE ESCOLARIZACI\u00d3N:\u00a0<\/u><\/strong><\/p>\n<p><a href=\"https:\/\/educa.aragon.es\/documents\/20126\/4019886\/2024-04-05+Decreto+57+2004+de+3+de+abril+escolarizaci%C3%B3n.pdf\/219a31a2-7f00-3c30-4c20-475a55f024a5?t=1712303034256\" target=\"_blank\" rel=\"noopener\"><em><strong>Decreto 57\/2024, de 3 de abril, del Gobierno de Arag\u00f3n, por el que se regula la escolarizaci\u00f3n del alumnado en los centros docentes sostenidos con fondos p\u00fablicos en las ense\u00f1anzas de educaci\u00f3n infantil, educaci\u00f3n primaria, educaci\u00f3n especial, educaci\u00f3n secundaria obligatoria y bachillerato de la Comunidad Aut\u00f3noma de Arag\u00f3n\u00a0<\/strong><\/em><\/a><\/p>\n\n\n\n<p><strong><a href=\"https:\/\/educa.aragon.es\/documents\/20126\/4019886\/2024-04-05+Folleto+escolarizaci%C3%B3n+24-25.pdf\/bedf08b6-04a2-3c11-d142-fa84eda5db58?t=1712302822968\"><span style=\"color: #000000;\"><span style=\"text-decoration: underline; background-color: #ffffff;\">FOLLETO DE ESCOLARIZACI\u00d3N<\/span><\/span><\/a><\/strong><\/p>\n<p><strong><span style=\"text-decoration: underline;\"><span style=\"background-color: #ffffff; color: #000000; text-decoration: underline;\"><a style=\"background-color: #ffffff; color: #000000; text-decoration: underline;\" href=\"https:\/\/educa.aragon.es\/documents\/20126\/4019886\/2024-04-05+anexo+II+baremo.pdf\/434e59cd-d83c-021c-f6c9-b61d18b5626b?t=1712302858526\">BAREMO<\/a><\/span><\/span><\/strong><\/p>\n<p><span style=\"background-color: #ffffff;\"><strong><span style=\"text-decoration: underline; color: #ff0000;\"><a style=\"color: #ff0000; text-decoration: underline; background-color: #ffffff;\" href=\"https:\/\/www.youtube.com\/watch?v=TeHW94270-0\">ENLACE A LA CHARLA INFORMATIVA FAMILIAS<\/a><\/span><\/strong><\/span><\/p>\n\n\n\n<p><span style=\"text-decoration: underline;\"><span style=\"background-color: #ffffff; color: #000000;\"><a style=\"background-color: #ffffff; color: #000000;\" href=\"https:\/\/educa.aragon.es\/documents\/20126\/4019886\/2024-04-05+anexo+I+a%29+calendario.pdf\/5d5c25f9-33c5-7337-8789-4ac4f9e7ac84?t=1712302927540\"><strong>CALENDARIO DEL PROCESO DE ESCOLARIZACI\u00d3N<\/strong><\/a><\/span><\/span><\/p>\n<table style=\"width: 100%; height: 1485px;\">\n<tbody>\n<tr style=\"height: 113px;\">\n<td style=\"height: 113px; width: 23.6%;\" width=\"234\">\n<p>19 DE ABRIL<\/p>\n<\/td>\n<td style=\"height: 113px; width: 76.2667%;\" width=\"802\">\n<p>Publicaci\u00f3n de vacantes existentes en los centros sostenidos con fondos p\u00fablicos de Arag\u00f3n.<\/p>\n<\/td>\n<\/tr>\n<tr style=\"height: 113px;\">\n<td style=\"height: 113px; width: 23.6%;\" width=\"234\">\n<p>DEL 24 (desde las 9h)\u00a0 AL 30 DE ABRIL (hasta las 14h).<\/p>\n<\/td>\n<td style=\"height: 113px; width: 76.2667%;\" width=\"802\">\n<p>Presentaciones de solicitudes<\/p>\n<\/td>\n<\/tr>\n<tr style=\"height: 89px;\">\n<td style=\"height: 89px; width: 23.6%;\" width=\"234\">\n<p>9 DE MAYO<\/p>\n<\/td>\n<td style=\"height: 89px; width: 76.2667%;\" width=\"802\">\n<p>Publicaci\u00f3n de las listas baremadas<\/p>\n<\/td>\n<\/tr>\n<tr style=\"height: 113px;\">\n<td style=\"height: 113px; width: 23.6%;\" width=\"234\">\n<p>DEL 10 AL 13 DE MAYO<\/p>\n<\/td>\n<td style=\"height: 113px; width: 76.2667%;\" width=\"802\">\n<p>Plazo de reclamaciones sobre las listas baremadas.<\/p>\n<\/td>\n<\/tr>\n<tr style=\"height: 89px;\">\n<td style=\"height: 89px; width: 23.6%;\" width=\"234\">\n<p>15 DE MAYO<\/p>\n<\/td>\n<td style=\"height: 89px; width: 76.2667%;\" width=\"802\">\n<p>Se publicar\u00e1 el n\u00ba aleatorio y se realizar\u00e1 el sorteo (solo en los casos necesarios)<\/p>\n<\/td>\n<\/tr>\n<tr style=\"height: 89px;\">\n<td style=\"height: 89px; width: 23.6%;\" width=\"234\">\n<p>16 DE MAYO<\/p>\n<\/td>\n<td style=\"height: 89px; width: 76.2667%;\" width=\"802\">\n<p>Se publicar\u00e1n las listas provisionales de admitidos, no admitidos y excluidos, en el portal del Departamento.<\/p>\n<\/td>\n<\/tr>\n<tr style=\"height: 113px;\">\n<td style=\"height: 113px; width: 23.6%;\" width=\"234\">\n<p>DEL 17 AL 20 DE MAYO<\/p>\n<\/td>\n<td style=\"height: 113px; width: 76.2667%;\" width=\"802\">\n<p>Presentaci\u00f3n de reclamaciones de las listas provisionales.<\/p>\n<\/td>\n<\/tr>\n<tr style=\"height: 89px;\">\n<td style=\"height: 89px; width: 23.6%;\" width=\"234\">\n<p>22 DE MAYO<\/p>\n<\/td>\n<td style=\"height: 89px; width: 76.2667%;\" width=\"802\">\n<p>Se publicar\u00e1n las listas definitivas de admitidos, no admitidos y excluidos, en el portal del Departamento.<\/p>\n<\/td>\n<\/tr>\n<tr style=\"height: 106px;\">\n<td style=\"height: 106px; width: 23.6%;\" width=\"234\">\n<p>30 DE MAYO<\/p>\n<\/td>\n<td style=\"height: 106px; width: 76.2667%;\" width=\"802\">\n<p>Adjudicaci\u00f3n de oficio por el Servicio Provincial<\/p>\n<\/td>\n<\/tr>\n<tr style=\"height: 165px;\">\n<td style=\"height: 165px; width: 23.6%;\" width=\"234\">\n<p>DEL 3 DE JUNIO (9h) AL 10\u00a0 (hasta las 14h)<\/p>\n<\/td>\n<td style=\"height: 165px; width: 76.2667%;\" width=\"802\">\n<p>Matriculaci\u00f3n nuevos alumnos de Educaci\u00f3n Infantil, 1\u00ba de Primaria y Educaci\u00f3n Especial.<\/p>\n<p><strong>(En caso de no se realizar la matr\u00edcula, se pierde el derecho a la plaza obtenida)<\/strong><\/p>\n<\/td>\n<\/tr>\n<tr style=\"height: 141px;\">\n<td style=\"height: 141px; width: 23.6%;\" width=\"234\">\n<p>DEL 20 (9h) AL 25 DE JUNIO (hasta las 14h)<\/p>\n<\/td>\n<td style=\"height: 141px; width: 76.2667%;\" width=\"802\">\n<p>Matriculaci\u00f3n nuevos alumnos de 2\u00ba a 6\u00ba Educaci\u00f3n Primaria<\/p>\n<p><strong>(En caso de no se realizar la matr\u00edcula, se pierde el derecho a la plaza obtenida)<\/strong><\/p>\n<\/td>\n<\/tr>\n<tr>\n<td style=\"width: 23.6%;\">\n<p>27 DE JUNIO<\/p>\n<\/td>\n<td style=\"width: 76.2667%;\">\n<p>Publicaci\u00f3n de las vacantes de los centros que dispongan de listados de no admitidos.<\/p>\n<p>Adjudicaci\u00f3n de vacantes entre los no admitidos y publicaci\u00f3n de las mismas en el portal.<\/p>\n<\/td>\n<\/tr>\n<tr>\n<td style=\"width: 23.6%;\">\n<p>DEL 28 DE JUNIO AL 1 DE JULIO<\/p>\n<\/td>\n<td style=\"width: 76.2667%;\">\n<p>Matriculaci\u00f3n del alumnado adjudicado de la lista de no admitidos.<\/p>\n<\/td>\n<\/tr>\n<tr>\n<td style=\"width: 23.6%;\">\n<p>A PARTIR DEL 31 DE MAYO<\/p>\n<\/td>\n<td style=\"width: 76.2667%;\">\n<p>Fuera de plazo curso 24-25<\/p>\n<\/td>\n<\/tr>\n<tr style=\"height: 265px;\">\n<td style=\"height: 265px; width: 99.8667%;\" colspan=\"2\" width=\"1036\">\n<p>La <strong>publicaci\u00f3n de listados<\/strong> NO se realizar\u00e1 en los tablones de los centros, la publicaci\u00f3n se har\u00e1 en el Portal de Educaci\u00f3n. Y se acceder\u00e1 a los listados con el usuario y contrase\u00f1a que se genere a la hora de hacer la solicitud.<\/p>\n<p>\u00a0<\/p>\n<\/td>\n<\/tr>\n<\/tbody>\n<\/table>\n","protected":false},"excerpt":{"rendered":"<p>ADMISI\u00d3N CURSO 2024-25 PLAZO DE PRESENTACI\u00d3N DE SOLICITUDES: desde las 9h del mi\u00e9rcoles 24 de abril hasta las 14h del martes 30 de abril, ambos inclusive. PRESENTACI\u00d3N DE LA SOLICITUD DE FORMA TELEM\u00c1TICA:\u00a0 Se presentar\u00e1 UNA \u00daNICA SOLICITUD a trav\u00e9s de la p\u00e1gina web: educa.aragon.es\/admision OFICINAS DE INFORMACI\u00d3N DEL PROCESO DE ESCOLARIZACI\u00d3N: Se pone a &hellip; <\/p>\n<p><a class=\"more-link btn\" href=\"https:\/\/cpivaldelaatalaya.es\/?page_id=5222\">Seguir leyendo<\/a><\/p>\n","protected":false},"author":2,"featured_media":0,"parent":0,"menu_order":0,"comment_status":"closed","ping_status":"closed","template":"","meta":{"footnotes":""},"class_list":["post-5222","page","type-page","status-publish","hentry","nodate","item-wrap"],"_links":{"self":[{"href":"https:\/\/cpivaldelaatalaya.es\/index.php?rest_route=\/wp\/v2\/pages\/5222","targetHints":{"allow":["GET"]}}],"collection":[{"href":"https:\/\/cpivaldelaatalaya.es\/index.php?rest_route=\/wp\/v2\/pages"}],"about":[{"href":"https:\/\/cpivaldelaatalaya.es\/index.php?rest_route=\/wp\/v2\/types\/page"}],"author":[{"embeddable":true,"href":"https:\/\/cpivaldelaatalaya.es\/index.php?rest_route=\/wp\/v2\/users\/2"}],"replies":[{"embeddable":true,"href":"https:\/\/cpivaldelaatalaya.es\/index.php?rest_route=%2Fwp%2Fv2%2Fcomments&post=5222"}],"version-history":[{"count":6,"href":"https:\/\/cpivaldelaatalaya.es\/index.php?rest_route=\/wp\/v2\/pages\/5222\/revisions"}],"predecessor-version":[{"id":7790,"href":"https:\/\/cpivaldelaatalaya.es\/index.php?rest_route=\/wp\/v2\/pages\/5222\/revisions\/7790"}],"wp:attachment":[{"href":"https:\/\/cpivaldelaatalaya.es\/index.php?rest_route=%2Fwp%2Fv2%2Fmedia&parent=5222"}],"curies":[{"name":"wp","href":"https:\/\/api.w.org\/{rel}","templated":true}]}}