{"id":1502,"date":"2015-07-06T13:55:43","date_gmt":"2015-07-06T13:55:43","guid":{"rendered":"http:\/\/cpivaldelaatalaya.es\/?page_id=1502"},"modified":"2025-05-21T09:57:07","modified_gmt":"2025-05-21T09:57:07","slug":"consejo-escolar","status":"publish","type":"page","link":"https:\/\/cpivaldelaatalaya.es\/?page_id=1502","title":{"rendered":"CONSEJO ESCOLAR"},"content":{"rendered":"<p>El consejo escolar est\u00e1 compuesto por:<\/p>\n<p><strong>Equipo directivo:<\/strong><\/p>\n<p><strong>DIRECTOR:<\/strong> V\u00edctor Guti\u00e9rrez Badorrey<\/p>\n<p><strong>JEFATURA DE ESTUDIOS<\/strong> (Primaria): Marimar de la Calle Oll\u00e9s<\/p>\n<p><strong>JEFATURA DE ESTUDIOS<\/strong> (Secundaria): Ver\u00f3nica Garc\u00eda Aparicio<\/p>\n<p><strong>SECRETAR\u00cdA<\/strong>: Virginia P\u00e9rez Lorenz<\/p>\n<p><strong>SECRETAR\u00cdA ADJUNTA (ESO)<\/strong>: Mar\u00eda Varona Lasarte<\/p>\n<p><strong>Representantes del profesorado:<\/strong><\/p>\n<ul>\n<li>Rosa Valls<\/li>\n<li>Sonia S\u00e1nchez<\/li>\n<li>Mar\u00eda Romanos<\/li>\n<li>Patricia Pascual<\/li>\n<li>Elena Montori<\/li>\n<\/ul>\n<p><strong>Representante del alumnado:<\/strong><\/p>\n<ul>\n<li>Jes\u00fas Caperos<\/li>\n<\/ul>\n<p><strong>Representantes de familias:<\/strong><\/p>\n<ul>\n<li>Miriam Cazcarra<\/li>\n<li>J\u00e9sica Arruga<\/li>\n<li>Mar\u00eda Abad<\/li>\n<\/ul>\n<p><strong>Representante de AMPA:<\/strong><\/p>\n<ul>\n<li>Raquel Romero<\/li>\n<li>Sergio Fern\u00e1ndez<\/li>\n<\/ul>\n<p><strong>Representante de Administraci\u00f3n y Servicios:<\/strong><\/p>\n<ul>\n<li>Miriam Ferr\u00e1ndiz<\/li>\n<\/ul>\n<p><strong>Representante del Ayuntamiento:<\/strong><\/p>\n<ul>\n<li>Mar\u00eda Carmona<\/li>\n<\/ul>\n","protected":false},"excerpt":{"rendered":"<p>El consejo escolar est\u00e1 compuesto por: Equipo directivo: DIRECTOR: V\u00edctor Guti\u00e9rrez Badorrey JEFATURA DE ESTUDIOS (Primaria): Marimar de la Calle Oll\u00e9s JEFATURA DE ESTUDIOS (Secundaria): Ver\u00f3nica Garc\u00eda Aparicio SECRETAR\u00cdA: Virginia P\u00e9rez Lorenz SECRETAR\u00cdA ADJUNTA (ESO): Mar\u00eda Varona Lasarte Representantes del profesorado: Rosa Valls Sonia S\u00e1nchez Mar\u00eda Romanos Patricia Pascual Elena Montori Representante del alumnado: Jes\u00fas &hellip; <\/p>\n<p><a class=\"more-link btn\" href=\"https:\/\/cpivaldelaatalaya.es\/?page_id=1502\">Seguir leyendo<\/a><\/p>\n","protected":false},"author":2,"featured_media":0,"parent":0,"menu_order":0,"comment_status":"open","ping_status":"closed","template":"","meta":{"footnotes":""},"class_list":["post-1502","page","type-page","status-publish","hentry","nodate","item-wrap"],"_links":{"self":[{"href":"https:\/\/cpivaldelaatalaya.es\/index.php?rest_route=\/wp\/v2\/pages\/1502","targetHints":{"allow":["GET"]}}],"collection":[{"href":"https:\/\/cpivaldelaatalaya.es\/index.php?rest_route=\/wp\/v2\/pages"}],"about":[{"href":"https:\/\/cpivaldelaatalaya.es\/index.php?rest_route=\/wp\/v2\/types\/page"}],"author":[{"embeddable":true,"href":"https:\/\/cpivaldelaatalaya.es\/index.php?rest_route=\/wp\/v2\/users\/2"}],"replies":[{"embeddable":true,"href":"https:\/\/cpivaldelaatalaya.es\/index.php?rest_route=%2Fwp%2Fv2%2Fcomments&post=1502"}],"version-history":[{"count":7,"href":"https:\/\/cpivaldelaatalaya.es\/index.php?rest_route=\/wp\/v2\/pages\/1502\/revisions"}],"predecessor-version":[{"id":8734,"href":"https:\/\/cpivaldelaatalaya.es\/index.php?rest_route=\/wp\/v2\/pages\/1502\/revisions\/8734"}],"wp:attachment":[{"href":"https:\/\/cpivaldelaatalaya.es\/index.php?rest_route=%2Fwp%2Fv2%2Fmedia&parent=1502"}],"curies":[{"name":"wp","href":"https:\/\/api.w.org\/{rel}","templated":true}]}}